{"id":86,"date":"2018-12-02T11:40:55","date_gmt":"2018-12-02T10:40:55","guid":{"rendered":"http:\/\/kirche.m-net.de\/?page_id=86"},"modified":"2025-01-27T15:03:52","modified_gmt":"2025-01-27T14:03:52","slug":"zum-hoeren","status":"publish","type":"page","link":"https:\/\/ev-kirche-bieberstein-dipperz.de\/?page_id=86","title":{"rendered":"Licht f\u00fcr die Ohren"},"content":{"rendered":"<p>Ein Licht f\u00fcr die Ohren. Ein besonderer Blick auf das Leben. Kommentiert aus theologischer Sicht. Hier ver\u00f6ffentlicht in Podcastform. Zum Reinh\u00f6ren, Mitdenken und neue Perspektiven auf das Leben entwickeln. Ein Leuchtfeuer. Licht f\u00fcr die Ohren.<\/p>\n<p>H\u00f6ren Sie mal rein!<\/p>\n","protected":false},"excerpt":{"rendered":"<p>Ein Licht f\u00fcr die Ohren. Ein besonderer Blick auf das Leben. Kommentiert aus theologischer Sicht. Hier ver\u00f6ffentlicht in Podcastform. Zum Reinh\u00f6ren, Mitdenken und neue Perspektiven auf das Leben entwickeln. Ein Leuchtfeuer. Licht f\u00fcr die Ohren. H\u00f6ren Sie mal rein!<\/p>\n","protected":false},"author":1,"featured_media":220,"parent":33,"menu_order":0,"comment_status":"closed","ping_status":"closed","template":"","meta":{"_crdt_document":"","footnotes":""},"class_list":["post-86","page","type-page","status-publish","has-post-thumbnail","hentry"],"_links":{"self":[{"href":"https:\/\/ev-kirche-bieberstein-dipperz.de\/index.php?rest_route=\/wp\/v2\/pages\/86","targetHints":{"allow":["GET"]}}],"collection":[{"href":"https:\/\/ev-kirche-bieberstein-dipperz.de\/index.php?rest_route=\/wp\/v2\/pages"}],"about":[{"href":"https:\/\/ev-kirche-bieberstein-dipperz.de\/index.php?rest_route=\/wp\/v2\/types\/page"}],"author":[{"embeddable":true,"href":"https:\/\/ev-kirche-bieberstein-dipperz.de\/index.php?rest_route=\/wp\/v2\/users\/1"}],"replies":[{"embeddable":true,"href":"https:\/\/ev-kirche-bieberstein-dipperz.de\/index.php?rest_route=%2Fwp%2Fv2%2Fcomments&post=86"}],"version-history":[{"count":35,"href":"https:\/\/ev-kirche-bieberstein-dipperz.de\/index.php?rest_route=\/wp\/v2\/pages\/86\/revisions"}],"predecessor-version":[{"id":1170,"href":"https:\/\/ev-kirche-bieberstein-dipperz.de\/index.php?rest_route=\/wp\/v2\/pages\/86\/revisions\/1170"}],"up":[{"embeddable":true,"href":"https:\/\/ev-kirche-bieberstein-dipperz.de\/index.php?rest_route=\/wp\/v2\/pages\/33"}],"wp:featuredmedia":[{"embeddable":true,"href":"https:\/\/ev-kirche-bieberstein-dipperz.de\/index.php?rest_route=\/wp\/v2\/media\/220"}],"wp:attachment":[{"href":"https:\/\/ev-kirche-bieberstein-dipperz.de\/index.php?rest_route=%2Fwp%2Fv2%2Fmedia&parent=86"}],"curies":[{"name":"wp","href":"https:\/\/api.w.org\/{rel}","templated":true}]}}